{"id":43,"date":"2016-01-21T01:05:56","date_gmt":"2016-01-20T23:05:56","guid":{"rendered":"https:\/\/kuremaa.eu\/oieke\/?page_id=43"},"modified":"2017-05-11T00:56:10","modified_gmt":"2017-05-10T21:56:10","slug":"kuremaa-suvelaager","status":"publish","type":"page","link":"https:\/\/kuremaa.eu\/oieke\/kuremaa-suvelaager\/","title":{"rendered":"Kuremaa Suvelaager"},"content":{"rendered":"<p style=\"text-align: justify;\">Kuremaa Suvelaager on projektlaager, mida korraldab MT\u00dc \u00d5ieke. 2017. aasta suveks planeeritakse juba Kuremaa V Suvelaagrit, v\u00e4ikene poisikese juubel vajab t\u00e4histamist ja soovime osalevatele noortele teha selle ilusaks m\u00e4lestuseks kogu eluks. 2017. aasta laagriinfo asub <a href=\"https:\/\/kuremaa.eu\/oieke\/laager-2017\/\">SIIN<\/a>.<\/p>\n<p style=\"text-align: justify;\">Oodatud on noored \u00fcle Eesti <strong>vanuses 13-19 eluaastat<\/strong>, kes ei karda teha maat\u00f6id ja\u00a0osa saada p\u00f5nevatest seltskonna tegemistest. Igal aastal saab laagris osaleda kuni 12 noort ja valik tehakse p\u00f5him\u00f5ttel, et kaasata v\u00f5imalikult erinevate piirkondade ja erineva taustaga noori. Noored tuuakse v\u00e4lja oma mugavustsoonist ja pannakse koost\u00f6\u00f6s selle parimas t\u00e4henduses toimetama.<\/p>\n<p style=\"text-align: justify;\">Laager toimub traditsiooniliselt juuni l\u00f5pust kuni juuli alguseni looduskaunis kohas Kuremaa alevikus J\u00f5gevamaal.<\/p>\n<p>Laagrist saab jooksvalt informatsiooni\u00a0Kuremaa Suvelaagri Facebook&#8217;i\u00a0<a href=\"https:\/\/www.facebook.com\/groups\/kuremaasuvelaager\" target=\"_blank\" rel=\"noopener noreferrer\">lehelt<\/a>.<\/p>\n<table style=\"width: 480px; border-collapse: collapse;\" cellspacing=\"0\" cellpadding=\"0\">\n<tbody>\n<tr>\n<td>\n<p><img decoding=\"async\" class=\"aligncenter\" style=\"float: left; width: 494px; height: 283px;\" src=\"\/wp-content\/uploads\/11701119_10205129668735416_1819507432448501208_n(1).jpg\" alt=\"\" \/><\/p>\n<p><em><span style=\"font-size: 11px;\">Kuremaa Suvelaager 2015<\/span>\u00a0<\/em><\/td>\n<\/tr>\n<\/tbody>\n<\/table>\n<p>&nbsp;<\/p>\n<p style=\"text-align: left;\">\n","protected":false},"excerpt":{"rendered":"<p>Kuremaa Suvelaager on projektlaager, mida korraldab MT\u00dc \u00d5ieke. 2017. aasta suveks planeeritakse juba Kuremaa V Suvelaagrit, v\u00e4ikene poisikese juubel vajab t\u00e4histamist ja soovime osalevatele noortele teha selle ilusaks m\u00e4lestuseks kogu eluks. 2017. aasta laagriinfo asub SIIN. Oodatud on noored \u00fcle Eesti vanuses 13-19 eluaastat, kes ei karda teha maat\u00f6id ja\u00a0osa saada p\u00f5nevatest seltskonna tegemistest. Igal<br \/><a class=\"moretag\" href=\"https:\/\/kuremaa.eu\/oieke\/kuremaa-suvelaager\/\">+ Read More<\/a><\/p>\n","protected":false},"author":1,"featured_media":0,"parent":0,"menu_order":2,"comment_status":"closed","ping_status":"closed","template":"","meta":{"_monsterinsights_skip_tracking":false,"_monsterinsights_sitenote_active":false,"_monsterinsights_sitenote_note":"","_monsterinsights_sitenote_category":0,"footnotes":""},"class_list":["post-43","page","type-page","status-publish","hentry"],"aioseo_notices":[],"_links":{"self":[{"href":"https:\/\/kuremaa.eu\/oieke\/wp-json\/wp\/v2\/pages\/43","targetHints":{"allow":["GET"]}}],"collection":[{"href":"https:\/\/kuremaa.eu\/oieke\/wp-json\/wp\/v2\/pages"}],"about":[{"href":"https:\/\/kuremaa.eu\/oieke\/wp-json\/wp\/v2\/types\/page"}],"author":[{"embeddable":true,"href":"https:\/\/kuremaa.eu\/oieke\/wp-json\/wp\/v2\/users\/1"}],"replies":[{"embeddable":true,"href":"https:\/\/kuremaa.eu\/oieke\/wp-json\/wp\/v2\/comments?post=43"}],"version-history":[{"count":18,"href":"https:\/\/kuremaa.eu\/oieke\/wp-json\/wp\/v2\/pages\/43\/revisions"}],"predecessor-version":[{"id":150,"href":"https:\/\/kuremaa.eu\/oieke\/wp-json\/wp\/v2\/pages\/43\/revisions\/150"}],"wp:attachment":[{"href":"https:\/\/kuremaa.eu\/oieke\/wp-json\/wp\/v2\/media?parent=43"}],"curies":[{"name":"wp","href":"https:\/\/api.w.org\/{rel}","templated":true}]}}